{"id":21467,"date":"2025-09-03T18:05:31","date_gmt":"2025-09-03T16:05:31","guid":{"rendered":"https:\/\/trieste.green\/?post_type=tour&#038;p=21467"},"modified":"2026-02-18T18:33:52","modified_gmt":"2026-02-18T17:33:52","slug":"dal-campo-alla-tavola-25","status":"publish","type":"tour","link":"https:\/\/trieste.green\/de\/tour\/dal-campo-alla-tavola-25\/","title":{"rendered":"Dal Campo alla Tavola"},"content":{"rendered":"<p>[vc_section full_width=&#8220;stretch_row_content&#8220; content_placement=&#8220;top&#8220; css=&#8220;.vc_custom_1717422888305{padding-top: 0px !important;padding-right: 0px !important;padding-bottom: 0px !important;padding-left: 0px !important;background-image: url(https:\/\/trieste.green\/wp-content\/uploads\/2024\/06\/TG_Template_Cover_Sito_Web.png?id=21474) !important;background-position: center !important;background-repeat: no-repeat !important;background-size: cover !important;}&#8220; el_id=&#8220;cover-container&#8220;][vc_row full_width=&#8220;stretch_row_content&#8220; enable_first_overlay=&#8220;true&#8220; first_overlay_opacity=&#8220;37&#8243; first_background_color=&#8220;#000000&#8243; second_background_color=&#8220;#bcbcbc&#8220; css=&#8220;.vc_custom_1664212725836{padding-top: 160px !important;padding-right: 100px !important;padding-bottom: 160px !important;padding-left: 100px !important;background-position: center !important;background-repeat: no-repeat !important;background-size: cover !important;}&#8220;][vc_column][vc_custom_heading source=&#8220;post_title&#8220; font_container=&#8220;tag:h1|text_align:left|color:%23ffffff&#8220; use_theme_fonts=&#8220;yes&#8220;][vc_custom_heading text=&#8220;Raccogli, Prepara e Assapora i Sapori Autentici del Territorio&#8220; font_container=&#8220;tag:h2|text_align:left|color:%23ffffff&#8220; use_theme_fonts=&#8220;yes&#8220;][\/vc_column][\/vc_row][\/vc_section][vc_row css=&#8220;.vc_custom_1661948310741{padding-top: 20px !important;}&#8220;][vc_column width=&#8220;2\/3&#8243; css=&#8220;.vc_custom_1661958032747{padding-top: 40px !important;}&#8220;][vc_custom_heading text=&#8220;Cosa farai&#8220; use_theme_fonts=&#8220;yes&#8220;][vc_column_text]<strong>Immergiti nel verde<\/strong> di un borgo storico unico, a pochi minuti dal centro di Trieste, per <strong>un tuffo nella cucina locale fatta di eccellenze del territorio<\/strong>.[\/vc_column_text][vc_media_grid element_width=&#8220;3&#8243; grid_id=&#8220;vc_gid:1745944457558-43a1f7cd-1dbb-2&#8243; include=&#8220;21566,21569,21575,21711&#8243;][vc_column_text]&#8220;<em>Ciao! Sono Alice, met\u00e0 triestina e met\u00e0 australiana. Amo cucinare, prendermi cura del mio orto e collaborare con piccoli agricoltori ecologici. <\/em><\/p>\n<p><em>Ho studiato Scienze Gastronomiche e oggi lavoro come consulente enogastronomica indipendente.<\/em><\/p>\n<p><em>Sono appassionata di biodiversit\u00e0, ecologia e gusto. Mi lascio ispirare dalle stagioni e dai prodotti locali, e mi piace la sfida di cucinare con ci\u00f2 che \u00e8 disponibile ogni giorno.<\/em><\/p>\n<p><em>Vieni a cucinare insieme a me e assaggeremo le primizie del nostro territorio!<\/em>&#8220;<\/p>\n<p>&nbsp;<\/p>\n<p>Benvenuto a Pi\u0161\u010dianci, nella casa di famiglia della gastronoma Alice Noel Fabi, <strong>edificio storico<\/strong> risalente alla fine del \u2018700.<\/p>\n<p>All&#8217;arrivo godrai di una breve <strong>passeggiata nel bosco e nell\u2019orto<\/strong> di Alice, ammirando la bellezza della natura circostante. A seconda della stagione, <strong>raccoglierai ingredienti freschi per l\u2019attivit\u00e0<\/strong>: asparagi selvatici, ortiche o more, oppure frutta e verdura direttamente dall&#8217;orto, come pomodori succosi e fichi d\u2019estate, barbabietole rosso rubino e cicoria d\u2019inverno.<\/p>\n<p><strong>Visiterai il vicino di casa apicoltore<\/strong>, <strong>per recuperare un po&#8216; di miele da assaggiare<\/strong> durante l\u2019attivit\u00e0.<br \/>\nFinirai assieme ad Alice la <strong>preparazione del pane a lievitazione naturale e di un piatto tipico stagionale<\/strong>, accompagnati dai <strong>vini artigianali di un viticoltore locale<\/strong> le cui vigne si trovano a poche centinaia di metri.<\/p>\n<p><strong>Gli ingredienti utilizzati<\/strong> sono coltivati o raccolti da Alice stessa, o <strong>provenienti direttamente dalla comunit\u00e0 locale di piccoli agricoltori<\/strong>: dal sale marino artigianale di Pirano, al formaggio stagionato in grotte naturali sull&#8217;altopiano del Carso, ai Presidi Slow Food, tutto \u00e8 rigorosamente selezionato.<br \/>\nQuesta \u00e8 un&#8217;opportunit\u00e0 per scoprire il meglio del territorio e vivere un momento conviviale in un\u2019atmosfera rilassata.<\/p>\n<p>L\u2019esperienza sar\u00e0 filosoficamente Slow, a tutti gli effetti.[\/vc_column_text][vc_custom_heading text=&#8220;Durata&#8220; use_theme_fonts=&#8220;yes&#8220;][vc_column_text]<span style=\"font-weight: 400;\">3 ore e mezza<\/span>[\/vc_column_text][vc_custom_heading text=&#8220;Cosa \u00e8 incluso&#8220; use_theme_fonts=&#8220;yes&#8220;][vc_column_text]<\/p>\n<ul>\n<li>Scopri i sapori autentici del nostro territorio in un&#8217;atmosfera conviviale e rilassata<\/li>\n<li>Breve passeggiata nel bosco del borgo storico di Pi\u0161\u010dianci<\/li>\n<li>Preparazione di piatti stagionali<\/li>\n<li>Degustazione guidata di primizie agricole del Carso<\/li>\n<\/ul>\n<p>[\/vc_column_text][vc_custom_heading text=&#8220;Punto di ritrovo&#8220; use_theme_fonts=&#8220;yes&#8220;][vc_column_text]Largo Sottomonte, Trieste[\/vc_column_text][vc_gmaps link=&#8220;#E-8_JTNDaWZyYW1lJTIwc3JjJTNEJTIyaHR0cHMlM0ElMkYlMkZ3d3cuZ29vZ2xlLmNvbSUyRm1hcHMlMkZlbWJlZCUzRnBiJTNEJTIxMW0xOCUyMTFtMTIlMjExbTMlMjExZDI3ODcuNzM0NzQ0MDE2ODkxNSUyMTJkMTMuNzc4NzU3OTc2NjE1NTczJTIxM2Q0NS42NzYyMjUxMTkyNjY0MzQlMjEybTMlMjExZjAlMjEyZjAlMjEzZjAlMjEzbTIlMjExaTEwMjQlMjEyaTc2OCUyMTRmMTMuMSUyMTNtMyUyMTFtMiUyMTFzMHg0NzdiNmI0YzQwNWRkMzAzJTI1M0EweGUwMDFlNjg5M2YxMWNkY2IlMjEyc0xhcmdvJTI1MjBTb3R0b21vbnRlJTI1MkMlMjUyMDM0MTM1JTI1MjBTb3R0b21vbnRlJTI1MjBUUyUyNTJDJTI1MjBJdGFseSUyMTVlMCUyMTNtMiUyMTFzZW4lMjEyc2VzJTIxNHYxNzE3NDA2MTg0MjM1JTIxNW0yJTIxMXNlbiUyMTJzZXMlMjIlMjB3aWR0aCUzRCUyMjYwMCUyMiUyMGhlaWdodCUzRCUyMjQ1MCUyMiUyMHN0eWxlJTNEJTIyYm9yZGVyJTNBMCUzQiUyMiUyMGFsbG93ZnVsbHNjcmVlbiUzRCUyMiUyMiUyMGxvYWRpbmclM0QlMjJsYXp5JTIyJTIwcmVmZXJyZXJwb2xpY3klM0QlMjJuby1yZWZlcnJlci13aGVuLWRvd25ncmFkZSUyMiUzRSUzQyUyRmlmcmFtZSUzRQ==&#8220;][vc_column_text]IMPORTANTE: Vista la piccola dimensione del borgo storico con parcheggi limitati <strong>non \u00e8 possibile raggiungere la casa con la macchina<\/strong>.<\/p>\n<p>La casa si pu\u00f2 raggiungere <strong>in taxi<\/strong> (10 minuti dal centro di Trieste) o <strong>con i mezzi pubblici + camminata<\/strong>.<\/p>\n<p>La passeggiata inizier\u00e0 alle ore 17.30, ti consigliamo di arrivare un po&#8216; prima per non perderti la partenza.<\/p>\n<div><strong>\ud83d\udd32 Come Arrivare:<\/strong><\/div>\n<div><strong>In taxi:<\/strong><br \/>\nIndicazioni Largo Sottomonte (7 minuti di macchina dalla Stazione dei Treni Trieste Centrale)<\/div>\n<div><strong>Tram + camminata:<\/strong><\/div>\n<div>Prendere il Tram linea 2\u00a0 da Piazza Dalmazia (20 min) \u2013 scendere alla fermata Banne, e scendere a piedi (20 min), il sentiero \u00e8 un p\u00f2 scosceso ed a tratti ripido. Totale 40 minuti (consigliamo di partire con anticipo).<\/div>\n<div><\/div>\n<div><strong>\ud83d\udd32 Ritorno:<\/strong><br \/>\n<strong>In taxi:<\/strong><br \/>\nIndicazioni Largo sottomonte (7 minuti di macchina dalla stazione)<\/div>\n<div><strong>Camminata + Bus:<\/strong><br \/>\nDa Largo Sottomonte a Roiano sono 20 minuti a piedi, a Roiano ci sono i bus n\u00b05 e n\u00b08.<\/div>\n<div><strong>Bici:<\/strong><br \/>\nLe strade sono molto ripide, percorribili in e-bike o da ciclisti esperti.<\/div>\n<p>[\/vc_column_text][vc_custom_heading text=&#8220;Info aggiuntive&#8220; use_theme_fonts=&#8220;yes&#8220;][vc_column_text]<strong>Preparazione e Abbigliamento:<\/strong><\/p>\n<ul>\n<li aria-level=\"1\">Consigliamo scarpe comode per la passeggiata<\/li>\n<\/ul>\n<p><strong>Allergie\/Intolleranze:<\/strong><\/p>\n<ul>\n<li>Se ci sono restrizioni o intolleranze alimentari si prega di avvisare almeno una settimana prima dell\u2019evento.<\/li>\n<\/ul>\n<p>[\/vc_column_text][vc_custom_heading text=&#8220;\u26a0\ufe0f Prima di acquistare il tuo biglietto&#8220; use_theme_fonts=&#8220;yes&#8220;][vc_column_text]<\/p>\n<ul>\n<li style=\"font-weight: 400;\" aria-level=\"1\"><strong>Prenotazione obbligatoria per tutti<\/strong><b>:<\/b><span style=\"font-weight: 400;\"> ogni partecipante deve acquistare il proprio biglietto online, anche in caso di gratuit\u00e0 o sconto.<\/span><span style=\"font-weight: 400;\"><br \/>\n<\/span><span style=\"font-weight: 400;\">L\u2019azienda collaboratrice ha bisogno di conoscere il numero esatto dei partecipanti e <\/span><strong>i posti sono limitati<\/strong><span style=\"font-weight: 400;\">.<\/span><\/li>\n<li style=\"font-weight: 400;\" aria-level=\"1\"><strong>Minori di 18 anni<\/strong><b>:<\/b><span style=\"font-weight: 400;\"> devono avere un proprio biglietto e <\/span><strong>devono essere accompagnati da un adulto.<\/strong><span style=\"font-weight: 400;\"><br \/>\n<\/span><span style=\"font-weight: 400;\">Anche l\u2019<\/span><strong>adulto accompagnatore deve acquistare un biglietto<\/strong><span style=\"font-weight: 400;\">.<\/span><\/li>\n<li style=\"font-weight: 400;\" aria-level=\"1\"><strong>Disability Card<\/strong><b>:<\/b><span style=\"font-weight: 400;\"> ogni possessore ha diritto a un <\/span><strong>solo accompagnatore<\/strong><span style=\"font-weight: 400;\">, entrambi con <\/span><strong>biglietto a prezzo ridotto<\/strong><span style=\"font-weight: 400;\">.<\/span><span style=\"font-weight: 400;\"><br \/>\n<\/span><span style=\"font-weight: 400;\">La Disability Card va <\/span><strong>esibita prima dell\u2019inizio<\/strong><span style=\"font-weight: 400;\"> dell\u2019esperienza.<\/span><\/li>\n<li style=\"font-weight: 400;\" aria-level=\"1\"><strong>FVGcard<\/strong><b>:<\/b><span style=\"font-weight: 400;\"> l\u2019esperienza <\/span><strong>non \u00e8 valida con la Card Multiservizi<\/strong><span style=\"font-weight: 400;\">, ma \u00e8 <\/span><strong>inclusa per i possessori di FVGcard 48h o 1 Week<\/strong><span style=\"font-weight: 400;\">, da esibire prima dell\u2019inizio dell&#8217;esperienza.<\/span><\/li>\n<li style=\"font-weight: 400;\" aria-level=\"1\"><strong>Over 65<\/strong><b>:<\/b><span style=\"font-weight: 400;\"> hanno diritto allo <\/span><strong>sconto<\/strong><span style=\"font-weight: 400;\">. \u00c8 richiesto un <\/span><strong>documento d\u2019identit\u00e0 da mostrare all\u2019inizio<\/strong><span style=\"font-weight: 400;\"> dell\u2019esperienza.<\/span><\/li>\n<\/ul>\n<p>[\/vc_column_text][vc_custom_heading text=&#8220;Prenota la tua esperienza&#8220; use_theme_fonts=&#8220;yes&#8220;][vc_column_text]<strong>Raccogli ingredienti freschi, visita un apicoltore locale, prepara e assapora deliziosi piatti con ingredienti a km 0.<\/strong>[\/vc_column_text][vc_raw_html el_id=&#8220;calendario&#8220;]JTNDYm9va2luZy13aWRnZXQlMjB3aWRnZXQtaWQlM0QlMjI5ZmFjOTEzMC01ZmJjLTQ5ZGItOTU1Yy0wNDg1N2Y5MjUzOGMlMjIlM0UlM0MlMkZib29raW5nLXdpZGdldCUzRSUzQ3NjcmlwdCUyMHR5cGUlM0QlMjJ0ZXh0JTJGamF2YXNjcmlwdCUyMiUyMHNyYyUzRCUyMmh0dHBzJTNBJTJGJTJGd2lkZ2V0cy5yZWdpb25kby5uZXQlMkZib29raW5nJTJGdjElMkZib29raW5nLXdpZGdldC5taW4uanMlMjIlM0UlM0MlMkZzY3JpcHQlM0U=[\/vc_raw_html][vc_custom_heading text=&#8220;Contatti&#8220; use_theme_fonts=&#8220;yes&#8220; el_id=&#8220;calendario&#8220;][vc_column_text]<span style=\"font-weight: 400;\">Email: <\/span><a href=\"mailto:info.sistiana@promoturismo.fvg.it\"><span style=\"font-weight: 400;\">info.sistiana@promoturismo.fvg.it<\/span><\/a><\/p>\n<p><span style=\"font-weight: 400;\">Telefono: +39 040299166 +39 3357374953<\/span>[\/vc_column_text][vc_custom_heading text=&#8220;Gli organizzatori&#8220; use_theme_fonts=&#8220;yes&#8220;][vc_column_text]<span style=\"font-weight: 400;\">GAL Carso LAS Kras<\/span>[\/vc_column_text][vc_column_text]<span data-sheets-root=\"1\">L\u2019esperienza fa parte dell\u2019offerta di Slow Food Travel, per gli appassionati di aria aperta, biodiversit\u00e0 e patrimonio culinario e antropologico dei paesaggi.<\/span><\/p>\n<p>Approfitta di un&#8217;opportunit\u00e0 unica! Grazie alla collaborazione esclusiva con PromoTurismoFvg, possiamo offrirti i biglietti per questa straordinaria esperienza a un prezzo promozionale. Prenota subito e assicurati il posto![\/vc_column_text][vc_single_image image=&#8220;21506&#8243;][\/vc_column][vc_column width=&#8220;1\/3&#8243; preset=&#8220;preset_2&#8243; content_preset=&#8220;_preset_2&#8243; enable_sticky=&#8220;true&#8220; sticky_offset=&#8220;0&#8243; el_id=&#8220;tour-right-column&#8220; css=&#8220;.vc_custom_1685547962798{border-top-width: 2px !important;border-right-width: 2px !important;border-bottom-width: 2px !important;border-left-width: 2px !important;padding-top: 20px !important;padding-right: 20px !important;padding-bottom: 20px !important;padding-left: 20px !important;border-left-color: #006633 !important;border-left-style: solid !important;border-right-color: #006633 !important;border-right-style: solid !important;border-top-color: #006633 !important;border-top-style: solid !important;border-bottom-color: #006633 !important;border-bottom-style: solid !important;}&#8220;][vc_custom_heading text=&#8220;Dal Campo alla Tavola&#8220; use_theme_fonts=&#8220;yes&#8220;][vc_separator][vc_btn title=&#8220;PRENOTA ORA&#8220; color=&#8220;success&#8220; size=&#8220;lg&#8220; link=&#8220;url:%23calendario|||&#8220; el_class=&#8220;acquista-tour-btn&#8220; css=&#8220;.vc_custom_1661953836819{margin-top: 20px !important;}&#8220;][\/vc_column][\/vc_row]<\/p>\n","protected":false},"author":5,"featured_media":21572,"menu_order":0,"template":"","class_list":["post-21467","tour","type-tour","status-publish","has-post-thumbnail","hentry","tour_type-sold-out"],"yoast_head":"<!-- This site is optimized with the Yoast SEO plugin v26.6 - https:\/\/yoast.com\/wordpress\/plugins\/seo\/ -->\n<title>Dal Campo alla Tavola - Trieste Green<\/title>\n<meta name=\"robots\" content=\"index, follow, max-snippet:-1, max-image-preview:large, max-video-preview:-1\" \/>\n<link rel=\"canonical\" href=\"https:\/\/trieste.green\/de\/tour\/dal-campo-alla-tavola-25\/\" \/>\n<meta property=\"og:locale\" content=\"de_DE\" \/>\n<meta property=\"og:type\" content=\"article\" \/>\n<meta property=\"og:title\" content=\"Dal Campo alla Tavola - Trieste Green\" \/>\n<meta property=\"og:description\" content=\"[vc_section full_width=&#8220;stretch_row_content&#8220; content_placement=&#8220;top&#8220; css=&#8220;.vc_custom_1717422888305{padding-top: 0px !important;padding-right: 0px !important;padding-bottom: 0px !important;padding-left: 0px !important;background-image: url(https:\/\/trieste.green\/wp-content\/uploads\/2024\/06\/TG_Template_Cover_Sito_Web.png?id=21474) !important;background-position: center !important;background-repeat: no-repeat !important;background-size: cover !important;}&#8220; el_id=&#8220;cover-container&#8220;][vc_row full_width=&#8220;stretch_row_content&#8220; enable_first_overlay=&#8220;true&#8220; first_overlay_opacity=&#8220;37&#8243; first_background_color=&#8220;#000000&#8243; second_background_color=&#8220;#bcbcbc&#8220; css=&#8220;.vc_custom_1664212725836{padding-top: 160px !important;padding-right: 100px !important;padding-bottom: 160px !important;padding-left: 100px !important;background-position: center !important;background-repeat: no-repeat !important;background-size: cover !important;}&#8220;][vc_column][vc_custom_heading source=&#8220;post_title&#8220; font_container=&#8220;tag:h1|text_align:left|color:%23ffffff&#8220; use_theme_fonts=&#8220;yes&#8220;][vc_custom_heading text=&#8220;Raccogli, Prepara e Assapora i Sapori Autentici del Territorio&#8220; font_container=&#8220;tag:h2|text_align:left|color:%23ffffff&#8220; use_theme_fonts=&#8220;yes&#8220;][\/vc_column][\/vc_row][\/vc_section][vc_row [&hellip;]\" \/>\n<meta property=\"og:url\" content=\"https:\/\/trieste.green\/de\/tour\/dal-campo-alla-tavola-25\/\" \/>\n<meta property=\"og:site_name\" content=\"Trieste Green\" \/>\n<meta property=\"article:modified_time\" content=\"2026-02-18T17:33:52+00:00\" \/>\n<meta property=\"og:image\" content=\"https:\/\/trieste.green\/wp-content\/uploads\/2024\/06\/3.webp\" \/>\n\t<meta property=\"og:image:width\" content=\"675\" \/>\n\t<meta property=\"og:image:height\" content=\"675\" \/>\n\t<meta property=\"og:image:type\" content=\"image\/webp\" \/>\n<meta name=\"twitter:card\" content=\"summary_large_image\" \/>\n<meta name=\"twitter:label1\" content=\"Gesch\u00e4tzte Lesezeit\" \/>\n\t<meta name=\"twitter:data1\" content=\"5\u00a0Minuten\" \/>\n<script type=\"application\/ld+json\" class=\"yoast-schema-graph\">{\"@context\":\"https:\/\/schema.org\",\"@graph\":[{\"@type\":\"WebPage\",\"@id\":\"https:\/\/trieste.green\/de\/tour\/dal-campo-alla-tavola-25\/\",\"url\":\"https:\/\/trieste.green\/de\/tour\/dal-campo-alla-tavola-25\/\",\"name\":\"Dal Campo alla Tavola - Trieste Green\",\"isPartOf\":{\"@id\":\"https:\/\/trieste.green\/de\/#website\"},\"primaryImageOfPage\":{\"@id\":\"https:\/\/trieste.green\/de\/tour\/dal-campo-alla-tavola-25\/#primaryimage\"},\"image\":{\"@id\":\"https:\/\/trieste.green\/de\/tour\/dal-campo-alla-tavola-25\/#primaryimage\"},\"thumbnailUrl\":\"https:\/\/trieste.green\/wp-content\/uploads\/2024\/06\/3.webp\",\"datePublished\":\"2025-09-03T16:05:31+00:00\",\"dateModified\":\"2026-02-18T17:33:52+00:00\",\"breadcrumb\":{\"@id\":\"https:\/\/trieste.green\/de\/tour\/dal-campo-alla-tavola-25\/#breadcrumb\"},\"inLanguage\":\"de\",\"potentialAction\":[{\"@type\":\"ReadAction\",\"target\":[\"https:\/\/trieste.green\/de\/tour\/dal-campo-alla-tavola-25\/\"]}]},{\"@type\":\"ImageObject\",\"inLanguage\":\"de\",\"@id\":\"https:\/\/trieste.green\/de\/tour\/dal-campo-alla-tavola-25\/#primaryimage\",\"url\":\"https:\/\/trieste.green\/wp-content\/uploads\/2024\/06\/3.webp\",\"contentUrl\":\"https:\/\/trieste.green\/wp-content\/uploads\/2024\/06\/3.webp\",\"width\":675,\"height\":675},{\"@type\":\"BreadcrumbList\",\"@id\":\"https:\/\/trieste.green\/de\/tour\/dal-campo-alla-tavola-25\/#breadcrumb\",\"itemListElement\":[{\"@type\":\"ListItem\",\"position\":1,\"name\":\"Home\",\"item\":\"https:\/\/trieste.green\/de\/\"},{\"@type\":\"ListItem\",\"position\":2,\"name\":\"Dal Campo alla Tavola\"}]},{\"@type\":\"WebSite\",\"@id\":\"https:\/\/trieste.green\/de\/#website\",\"url\":\"https:\/\/trieste.green\/de\/\",\"name\":\"Trieste Green\",\"description\":\"\",\"publisher\":{\"@id\":\"https:\/\/trieste.green\/de\/#organization\"},\"potentialAction\":[{\"@type\":\"SearchAction\",\"target\":{\"@type\":\"EntryPoint\",\"urlTemplate\":\"https:\/\/trieste.green\/de\/?s={search_term_string}\"},\"query-input\":{\"@type\":\"PropertyValueSpecification\",\"valueRequired\":true,\"valueName\":\"search_term_string\"}}],\"inLanguage\":\"de\"},{\"@type\":\"Organization\",\"@id\":\"https:\/\/trieste.green\/de\/#organization\",\"name\":\"Trieste Green\",\"url\":\"https:\/\/trieste.green\/de\/\",\"logo\":{\"@type\":\"ImageObject\",\"inLanguage\":\"de\",\"@id\":\"https:\/\/trieste.green\/de\/#\/schema\/logo\/image\/\",\"url\":\"http:\/\/trieste.green\/wp-content\/uploads\/2020\/08\/logo-tsgreen-1-128h.png\",\"contentUrl\":\"http:\/\/trieste.green\/wp-content\/uploads\/2020\/08\/logo-tsgreen-1-128h.png\",\"width\":128,\"height\":128,\"caption\":\"Trieste Green\"},\"image\":{\"@id\":\"https:\/\/trieste.green\/de\/#\/schema\/logo\/image\/\"}}]}<\/script>\n<!-- \/ Yoast SEO plugin. -->","yoast_head_json":{"title":"Dal Campo alla Tavola - Trieste Green","robots":{"index":"index","follow":"follow","max-snippet":"max-snippet:-1","max-image-preview":"max-image-preview:large","max-video-preview":"max-video-preview:-1"},"canonical":"https:\/\/trieste.green\/de\/tour\/dal-campo-alla-tavola-25\/","og_locale":"de_DE","og_type":"article","og_title":"Dal Campo alla Tavola - Trieste Green","og_description":"[vc_section full_width=&#8220;stretch_row_content&#8220; content_placement=&#8220;top&#8220; css=&#8220;.vc_custom_1717422888305{padding-top: 0px !important;padding-right: 0px !important;padding-bottom: 0px !important;padding-left: 0px !important;background-image: url(https:\/\/trieste.green\/wp-content\/uploads\/2024\/06\/TG_Template_Cover_Sito_Web.png?id=21474) !important;background-position: center !important;background-repeat: no-repeat !important;background-size: cover !important;}&#8220; el_id=&#8220;cover-container&#8220;][vc_row full_width=&#8220;stretch_row_content&#8220; enable_first_overlay=&#8220;true&#8220; first_overlay_opacity=&#8220;37&#8243; first_background_color=&#8220;#000000&#8243; second_background_color=&#8220;#bcbcbc&#8220; css=&#8220;.vc_custom_1664212725836{padding-top: 160px !important;padding-right: 100px !important;padding-bottom: 160px !important;padding-left: 100px !important;background-position: center !important;background-repeat: no-repeat !important;background-size: cover !important;}&#8220;][vc_column][vc_custom_heading source=&#8220;post_title&#8220; font_container=&#8220;tag:h1|text_align:left|color:%23ffffff&#8220; use_theme_fonts=&#8220;yes&#8220;][vc_custom_heading text=&#8220;Raccogli, Prepara e Assapora i Sapori Autentici del Territorio&#8220; font_container=&#8220;tag:h2|text_align:left|color:%23ffffff&#8220; use_theme_fonts=&#8220;yes&#8220;][\/vc_column][\/vc_row][\/vc_section][vc_row [&hellip;]","og_url":"https:\/\/trieste.green\/de\/tour\/dal-campo-alla-tavola-25\/","og_site_name":"Trieste Green","article_modified_time":"2026-02-18T17:33:52+00:00","og_image":[{"width":675,"height":675,"url":"https:\/\/trieste.green\/wp-content\/uploads\/2024\/06\/3.webp","type":"image\/webp"}],"twitter_card":"summary_large_image","twitter_misc":{"Gesch\u00e4tzte Lesezeit":"5\u00a0Minuten"},"schema":{"@context":"https:\/\/schema.org","@graph":[{"@type":"WebPage","@id":"https:\/\/trieste.green\/de\/tour\/dal-campo-alla-tavola-25\/","url":"https:\/\/trieste.green\/de\/tour\/dal-campo-alla-tavola-25\/","name":"Dal Campo alla Tavola - Trieste Green","isPartOf":{"@id":"https:\/\/trieste.green\/de\/#website"},"primaryImageOfPage":{"@id":"https:\/\/trieste.green\/de\/tour\/dal-campo-alla-tavola-25\/#primaryimage"},"image":{"@id":"https:\/\/trieste.green\/de\/tour\/dal-campo-alla-tavola-25\/#primaryimage"},"thumbnailUrl":"https:\/\/trieste.green\/wp-content\/uploads\/2024\/06\/3.webp","datePublished":"2025-09-03T16:05:31+00:00","dateModified":"2026-02-18T17:33:52+00:00","breadcrumb":{"@id":"https:\/\/trieste.green\/de\/tour\/dal-campo-alla-tavola-25\/#breadcrumb"},"inLanguage":"de","potentialAction":[{"@type":"ReadAction","target":["https:\/\/trieste.green\/de\/tour\/dal-campo-alla-tavola-25\/"]}]},{"@type":"ImageObject","inLanguage":"de","@id":"https:\/\/trieste.green\/de\/tour\/dal-campo-alla-tavola-25\/#primaryimage","url":"https:\/\/trieste.green\/wp-content\/uploads\/2024\/06\/3.webp","contentUrl":"https:\/\/trieste.green\/wp-content\/uploads\/2024\/06\/3.webp","width":675,"height":675},{"@type":"BreadcrumbList","@id":"https:\/\/trieste.green\/de\/tour\/dal-campo-alla-tavola-25\/#breadcrumb","itemListElement":[{"@type":"ListItem","position":1,"name":"Home","item":"https:\/\/trieste.green\/de\/"},{"@type":"ListItem","position":2,"name":"Dal Campo alla Tavola"}]},{"@type":"WebSite","@id":"https:\/\/trieste.green\/de\/#website","url":"https:\/\/trieste.green\/de\/","name":"Trieste Green","description":"","publisher":{"@id":"https:\/\/trieste.green\/de\/#organization"},"potentialAction":[{"@type":"SearchAction","target":{"@type":"EntryPoint","urlTemplate":"https:\/\/trieste.green\/de\/?s={search_term_string}"},"query-input":{"@type":"PropertyValueSpecification","valueRequired":true,"valueName":"search_term_string"}}],"inLanguage":"de"},{"@type":"Organization","@id":"https:\/\/trieste.green\/de\/#organization","name":"Trieste Green","url":"https:\/\/trieste.green\/de\/","logo":{"@type":"ImageObject","inLanguage":"de","@id":"https:\/\/trieste.green\/de\/#\/schema\/logo\/image\/","url":"http:\/\/trieste.green\/wp-content\/uploads\/2020\/08\/logo-tsgreen-1-128h.png","contentUrl":"http:\/\/trieste.green\/wp-content\/uploads\/2020\/08\/logo-tsgreen-1-128h.png","width":128,"height":128,"caption":"Trieste Green"},"image":{"@id":"https:\/\/trieste.green\/de\/#\/schema\/logo\/image\/"}}]}},"_links":{"self":[{"href":"https:\/\/trieste.green\/de\/wp-json\/wp\/v2\/tour\/21467","targetHints":{"allow":["GET"]}}],"collection":[{"href":"https:\/\/trieste.green\/de\/wp-json\/wp\/v2\/tour"}],"about":[{"href":"https:\/\/trieste.green\/de\/wp-json\/wp\/v2\/types\/tour"}],"author":[{"embeddable":true,"href":"https:\/\/trieste.green\/de\/wp-json\/wp\/v2\/users\/5"}],"wp:featuredmedia":[{"embeddable":true,"href":"https:\/\/trieste.green\/de\/wp-json\/wp\/v2\/media\/21572"}],"wp:attachment":[{"href":"https:\/\/trieste.green\/de\/wp-json\/wp\/v2\/media?parent=21467"}],"curies":[{"name":"wp","href":"https:\/\/api.w.org\/{rel}","templated":true}]}}